{"id":109,"date":"2009-03-01T13:59:29","date_gmt":"2009-03-01T12:59:29","guid":{"rendered":"http:\/\/localhost\/new_vis\/jo\/?page_id=109"},"modified":"2020-06-07T15:56:26","modified_gmt":"2020-06-07T14:56:26","slug":"niederdielfen","status":"publish","type":"page","link":"https:\/\/www.jens-oerter.de\/new_vis\/jo\/hobby\/niederdielfen\/","title":{"rendered":"Niederdielfen"},"content":{"rendered":"<p>Diese Seite beinhaltet viele Informationen aus Niederdielfen, der Gemeinde Wilnsdorf, des Kreises Siegerland-Wittgenstein<br \/>\n(Siegerland) und des Sauerlands. Desweiteren habe ich einige Links wie Restaurantf\u00fchrer, Kneipen und Discos usw.<br \/>\nhinzugef\u00fcgt. In meiner Galerie sind einige Bilder aus Niederdielfen und der Umgebung zu finden.<\/p>\n<p><strong>Niederdielfen<\/strong> ist ein Ortsteil der <a title=\"Gemeinde\" href=\"http:\/\/de.wikipedia.org\/wiki\/Gemeinde\">Gemeinde<\/a> <a title=\"Wilnsdorf\" href=\"http:\/\/de.wikipedia.org\/wiki\/Wilnsdorf\">Wilnsdorf<\/a> im <a title=\"Kreis Siegen-Wittgenstein\" href=\"http:\/\/de.wikipedia.org\/wiki\/Kreis_Siegen-Wittgenstein\">Kreis Siegen-Wittgenstein<\/a>, <a title=\"Nordrhein-Westfalen\" href=\"http:\/\/de.wikipedia.org\/wiki\/Nordrhein-Westfalen\">Nordrhein-Westfalen<\/a> (<a title=\"Deutschland\" href=\"http:\/\/de.wikipedia.org\/wiki\/Deutschland\">Deutschland<\/a>).<\/p>\n<p><strong>Geografie<\/strong><br \/>\nNiederdielfen liegt etwa sechs Kilometer ost-s\u00fcd\u00f6stlich von <a title=\"Siegen\" href=\"http:\/\/de.wikipedia.org\/wiki\/Siegen\">Siegen<\/a> bzw. rund zwei Kilometer s\u00fcd\u00f6stlich von dessen Stadtteil Kaan-Marienborn (je <a title=\"Luftlinie\" href=\"http:\/\/de.wikipedia.org\/wiki\/Luftlinie\">Luftlinie<\/a>). Der Ort befindet sich an der Einm\u00fcndung der drei Kilometer langen <em>Dielfe<\/em> in die <a title=\"Wei\u00df (Sieg)\" href=\"http:\/\/de.wikipedia.org\/wiki\/Wei%C3%9F_%28Sieg%29\">Wei\u00df<\/a>. Die Dielfe, die Namensgeber f\u00fcr Nieder- und Oberdielfen ist, entspringt am Fu\u00df des H\u00f6hw\u00e4ldchens, einem Ausl\u00e4ufer des Hoheroth (<span style=\"border-width: 0px; margin: 0px; padding: 0px;\">451 m \u00fc. <a title=\"Normalnull\" href=\"http:\/\/de.wikipedia.org\/wiki\/Normalnull\">NN<\/a><\/span>). Niederdielfen liegt zwischen 290 m \u00fc. NN (Ortsausgang Niederdielfen, Kl\u00e4ranlage) und 350 m \u00fc. NN im Mittel (Haborn 418m, Kneling 450m \u00fc.NN). Kleinster Nachbarort ist <a title=\"Oberdielfen\" href=\"http:\/\/de.wikipedia.org\/wiki\/Oberdielfen\">Oberdielfen<\/a>, ein weiteres kleines Nachbardorf ist <a title=\"Flammersbach\" href=\"http:\/\/de.wikipedia.org\/wiki\/Flammersbach\">Flammersbach<\/a>.<\/p>\n<p>Niederdielfen hat fast 3000 Einwohner und eine Fl\u00e4che von 5,84 Quadratkilometern.<\/p>\n<p>In Niederdielfen sind ein Kindergarten, eine Grundschule und eine Realschule (Realschule Wilnsdorf) angesiedelt. Dar\u00fcber hinaus gibt es ein Seniorenwohn- und Pflegeheim mit Tages- und Kurzzeitpflege sowie ein Angebot des betreuten Wohnens. Gr\u00f6\u00dfter Arbeitgeber sind die Siegenia-Aubi KG (Beschlag- und L\u00fcftungstechnik) sowie das Wei\u00dftalwerk (Stahlhoch- und Stahlleichtbauten und Verkehrsbauten und Krananlagen).<\/p>\n<div style=\"width: 610px\" class=\"wp-caption aligncenter\"><img loading=\"lazy\" decoding=\"async\" title=\"Fahler Stern\" src=\"\/new_vis\/allg_pics\/fahlerstern.jpg\" alt=\"Niederdielfen\" width=\"600\" height=\"206\"><p class=\"wp-caption-text\">Niederdielfen (Blick vom Fahlen Stern)<\/p><\/div>\n<p><strong>Geschichte<\/strong><\/p>\n<p>Von einer Besiedlung des Gebietes um die <em>Dielfe<\/em> kann ab der <a title=\"La-T\u00e8ne-Zeit\" href=\"http:\/\/de.wikipedia.org\/wiki\/La-T%C3%A8ne-Zeit\">La-T\u00e8ne-Zeit<\/a> um 500 v. Chr. gesprochen werden. Die ersten Ansiedler waren vom Rhein her in das Siegerland vorgedrungen, um <a title=\"Erz\" href=\"http:\/\/de.wikipedia.org\/wiki\/Erz\">Erz<\/a> und <a title=\"Eisen\" href=\"http:\/\/de.wikipedia.org\/wiki\/Eisen\">Eisen<\/a> zu finden. Der Eisenstein konnte an der <a title=\"Erdoberfl\u00e4che\" href=\"http:\/\/de.wikipedia.org\/wiki\/Erdoberfl%C3%A4che\">Erdoberfl\u00e4che<\/a> abgebaut werden; der dichte Urwald lieferte die Holzkohle f\u00fcr die Verh\u00fcttung. An vielen Stellen sind heute noch die Schlackenhalden der ersten Eisengewinnungsst\u00e4tten zu finden.<\/p>\n<p>Die erste urkundliche Erw\u00e4hnung von Niederdielfen war 1300 als \u201eDyspe\u201c. Damals ein Ort, haben sich <a title=\"Oberdielfen\" href=\"http:\/\/de.wikipedia.org\/wiki\/Oberdielfen\">Ober-<\/a> und Niederdielfen gesplittet und sind seit 1408, der ersten urkundlichen Erw\u00e4hnung von <a title=\"Oberdielfen\" href=\"http:\/\/de.wikipedia.org\/wiki\/Oberdielfen\">Oberdielfen<\/a> zwei getrennte Orte. 1461 schlie\u00dflich wird \u201eNydern Dilphe\u201c erstmals erw\u00e4hnt und ist somit knapp 550 Jahre alt.<\/p>\n<p>Vermutlich 1659 wurde die erste <a title=\"Schule\" href=\"http:\/\/de.wikipedia.org\/wiki\/Schule\">Schule<\/a> im Ort gebaut. Von 1794 bis 1910 war die Grube <em><a title=\"Grube Grimberg\" href=\"http:\/\/de.wikipedia.org\/wiki\/Grube_Grimberg\">Grimberg<\/a><\/em> in Betrieb. Neben ihr gab es die Grube <em>Morgengl\u00fcck<\/em> bis 1902. Diese hatte einen Schacht mit den Ma\u00dfen 2,50 x 3,25 m, er wurde verf\u00fcllt.<\/p>\n<p>Auf dem Gebiet der Gemeinde Wilnsdorf waren bis in die Anf\u00e4nge des 20. Jahrhunderts insgesamt acht Gruben in Betrieb. Der urspr\u00fcngliche <a title=\"F\u00f6rderturm\" href=\"http:\/\/de.wikipedia.org\/wiki\/F%C3%B6rderturm\">F\u00f6rderturm<\/a> der Grube <em>Grimberg<\/em> in Niederdielfen wurde im Jahre <a title=\"1911\" href=\"http:\/\/de.wikipedia.org\/wiki\/1911\">1911<\/a>, als der Betrieb eingestellt wurde, abgerissen.<\/p>\n<p>1816 wird der Ort preu\u00dfisch. 1825 zerst\u00f6rt ein Gro\u00dfbrand sechs H\u00e4user.<\/p>\n<p>Am 23. M\u00e4rz 1884 wurde der Kunstmaler <a title=\"Adolf Saenger\" href=\"http:\/\/de.wikipedia.org\/wiki\/Adolf_Saenger\">Adolf Saenger<\/a> geboren. Nach ihm ist die Mehrzweckhalle in der N\u00e4he der Realschule benannt. 1914 wurden die ersten elektrischen Leitungen genutzt.<\/p>\n<p>1961 feierte Niederdielfen 500-j\u00e4hriges Bestehen, am <a title=\"1. Januar\" href=\"http:\/\/de.wikipedia.org\/wiki\/1._Januar\">1. Januar<\/a> <a title=\"1969\" href=\"http:\/\/de.wikipedia.org\/wiki\/1969\">1969<\/a> wurde die bis dahin eigenst\u00e4ndige Gemeinde Niederdielfen zur Gro\u00dfgemeinde Wilnsdorf zusammengeschlossen.<\/p>\n<p>1997 wurde ein <a title=\"F\u00f6rderturm\" href=\"http:\/\/de.wikipedia.org\/wiki\/F%C3%B6rderturm\">F\u00f6rderturm<\/a> errichtet, er steht als Kulturdenkmal am Rand der Stra\u00dfe Richtung R\u00f6dgen \/ <a title=\"Wallfahrtst\u00e4tte Eremitage\" href=\"http:\/\/de.wikipedia.org\/wiki\/Wallfahrtst%C3%A4tte_Eremitage\">Eremitage<\/a> auf dem Platz \u00fcber dem Schacht der Grube.<\/p>\n<p><a id=\"Einwohnerentwicklung\" name=\"Einwohnerentwicklung\"><\/a><\/p>\n<h3><span class=\"mw-headline\">Einwohnerentwicklung<\/span><\/h3>\n<table class=\"prettytable\" style=\"height: 65px;\" border=\"0\" width=\"714\">\n<tbody>\n<tr class=\"hintergrundfarbe5\" align=\"right\">\n<th>Jahr<\/th>\n<th>1818<\/th>\n<th>1905<\/th>\n<th>1939<\/th>\n<th>1950<\/th>\n<th>1967<\/th>\n<th>1969<\/th>\n<th>2005<\/th>\n<th>2006<\/th>\n<th>2007<\/th>\n<th>2008<\/th>\n<th>2009<\/th>\n<th>2010<\/th>\n<th>2011<\/th>\n<th>2012<\/th>\n<th>2013<\/th>\n<th>2014<\/th>\n<th>2015<\/th>\n<th>2016<\/th>\n<th>2017<\/th>\n<\/tr>\n<tr align=\"right\">\n<td>Einwohner<\/td>\n<td>331<\/td>\n<td>647<\/td>\n<td>1107<\/td>\n<td>1436<\/td>\n<td>2058<\/td>\n<td>2132<\/td>\n<td>2894<\/td>\n<td>2909<\/td>\n<td>2844<\/td>\n<td>2899<\/td>\n<td>2812<\/td>\n<td>2787<\/td>\n<td>2795<\/td>\n<td>2770<\/td>\n<td>2760<\/td>\n<td>2743<\/td>\n<td>2839<\/td>\n<td>2781<\/td>\n<td>2752<\/td>\n<\/tr>\n<\/tbody>\n<\/table>\n<p>&nbsp;<\/p>\n<p>Einwohner ab 1969 je zum 31. Dezember.<\/p>\n<ul>\n<li>1997: Errichtung eines F\u00f6rderturms als technisches Denkmal \u00fcber dem ehemaligen Schacht der Grube Grimberg<\/li>\n<li>1969: Beendigung der Selbst\u00e4ndigkeit der Gemeinde und Bildung der Gro\u00dfgemeinde Wilnsdorf<\/li>\n<li>1961: Niederdielfen wird 500 Jahre alt<\/li>\n<li>1914: Anschluss an das elektrische Stromnetz<\/li>\n<li>1910: Bau der Bahn mit Gro\u00dfviadukt (Bauzeit 5 Jahre)<\/li>\n<li>1903: Einweihung der katholischen Kirche <em>Herz-Jesu<\/em><\/li>\n<li>1884: Geburt von Adolf S\u00e4nger (Maler)<\/li>\n<li>1825: Gro\u00dfbrand zerst\u00f6rt sechs H\u00e4user<\/li>\n<li>1816: Niederdielfen wird preu\u00dfisch: <em>Amt Wilnsdorf<\/em><\/li>\n<li>1807: Einweihung der Grube Grimberg (bis 1910)<\/li>\n<li>1774: Bau der Wasserm\u00fchle<\/li>\n<li>1684: Erste Erw\u00e4hnung der <a title=\"Wallfahrtst\u00e4tte Eremitage\" href=\"http:\/\/de.wikipedia.org\/wiki\/Wallfahrtst%C3%A4tte_Eremitage\">Wallfahrtst\u00e4tte Eremitage<\/a><\/li>\n<li>1659: Bau der ersten Schule in Niederdielfen<\/li>\n<li>1599: Steuersch\u00e4tzung mit 31 H\u00e4usern<\/li>\n<li>1461: Urkundliche Erw\u00e4hnung als <em>Nydern Dilphe<\/em><\/li>\n<li>1330: Erste Erw\u00e4hnung als <em>Dyspe<\/em><\/li>\n<\/ul>\n<p><strong>Die h\u00f6chsten Erhebungen in unserer Region<\/strong><\/p>\n<table border=\"0\" width=\"748\" cellspacing=\"0\" cellpadding=\"0\">\n<colgroup>\n<col span=\"2\" width=\"129\">\n<col width=\"227\">\n<col width=\"97\">\n<col span=\"2\" width=\"83\"> <\/colgroup>\n<tbody>\n<tr>\n<td width=\"129\" height=\"19\">&nbsp;<\/td>\n<td width=\"129\">Ort \/ Kreis<\/td>\n<td width=\"227\">Detail<\/td>\n<td width=\"97\">Bergregion<\/td>\n<td width=\"83\">Berg<\/td>\n<td width=\"83\">H\u00f6he<\/td>\n<\/tr>\n<tr>\n<td height=\"19\">Ortsteil<\/td>\n<td>Niederdielfen<\/td>\n<td>niedrigster Punkt<\/td>\n<td>Rothaargebirge<\/td>\n<td>Kl\u00e4ranlage<\/td>\n<td>290m<\/td>\n<\/tr>\n<tr>\n<td height=\"19\">Ortsteil<\/td>\n<td>Niederdielfen<\/td>\n<td>Mittel<\/td>\n<td>Rothaargebirge<\/td>\n<td>Ortskern<\/td>\n<td>350m<\/td>\n<\/tr>\n<tr>\n<td height=\"19\">Ortsteil<\/td>\n<td>Niederdielfen<\/td>\n<td>h\u00f6chster Berg<\/td>\n<td>Rothaargebirge<\/td>\n<td>Unbenannt<br \/>\nNahe Friedhof Rodgen<\/td>\n<td>457m<\/td>\n<\/tr>\n<tr>\n<td height=\"19\">Ortsteil<\/td>\n<td>Niederdielfen<\/td>\n<td>zweith\u00f6chster Berg<\/td>\n<td>Rothaargebirge<\/td>\n<td>Kneling<\/td>\n<td>450m<\/td>\n<\/tr>\n<tr>\n<td height=\"19\">Gemeinde<\/td>\n<td>Wilnsdorf<\/td>\n<td>h\u00f6chster Berg<\/td>\n<td>Rothaargebirge<\/td>\n<td>Kalteiche<\/td>\n<td>580m<\/td>\n<\/tr>\n<tr>\n<td height=\"19\">Region<\/td>\n<td>Siegerland<\/td>\n<td>Hilchenbach-L\u00fctzel<\/td>\n<td>Rothaargebirge<\/td>\n<td>Riemen<\/td>\n<td>678m<\/td>\n<\/tr>\n<tr>\n<td height=\"19\">Region<\/td>\n<td>Wittgenstein<\/td>\n<td>h\u00f6chste Erhebung im s\u00fcdlicher Kamm<\/td>\n<td>Rothaargebirge<\/td>\n<td>Kompass<\/td>\n<td>694m<\/td>\n<\/tr>\n<tr>\n<td height=\"19\">Region<\/td>\n<td>Wittgenstein<\/td>\n<td>Weiler<\/td>\n<td>Rothaargebirge<\/td>\n<td>Albechtsberg<\/td>\n<td>771m<\/td>\n<\/tr>\n<tr>\n<td height=\"19\">Region<\/td>\n<td>Wittgenstein<\/td>\n<td>Wunderthausen<\/td>\n<td>Rothaargebirge<\/td>\n<td>Nebengipfel Wallersh\u00f6he<\/td>\n<td>789m<\/td>\n<\/tr>\n<tr>\n<td height=\"19\">Land<\/td>\n<td>Nordrhein-Westfalen<\/td>\n<td>h\u00f6chster Berg<\/td>\n<td>Rothaargebirge<\/td>\n<td>Langenberg<\/td>\n<td>843m<\/td>\n<\/tr>\n<tr>\n<td height=\"19\">Land<\/td>\n<td>Nordrhein-Westfalen<\/td>\n<td>zweith\u00f6chster Berg<\/td>\n<td>Rothaargebirge<\/td>\n<td>Kahler Asten<\/td>\n<td>842m<\/td>\n<\/tr>\n<\/tbody>\n<\/table>\n<p>weitere Links:<\/p>\n<table style=\"height: 281px;\" border=\"0\" width=\"605\">\n<tbody>\n<tr class=\"arial_uebers1\">\n<td width=\"129\" height=\"21\">Wilnsdorf<\/td>\n<td width=\"210\">Gemeindeort<\/td>\n<td width=\"180\"><a href=\"http:\/\/www.wilnsdorf.de\" target=\"_blank\" rel=\"noopener noreferrer\">www.wilnsdorf.de<\/a><\/td>\n<\/tr>\n<tr class=\"arial_uebers1\">\n<td height=\"21\">Siegen<\/td>\n<td>Kreisstadt<\/td>\n<td><a href=\"http:\/\/www.siegen.de\" target=\"_blank\" rel=\"noopener noreferrer\">www.siegen.de<\/a><\/td>\n<\/tr>\n<tr class=\"arial_uebers1\">\n<td height=\"59\">Niederdielfen<\/td>\n<td>Private Seite(sehr viele und gute Infos)<\/td>\n<td><a href=\"http:\/\/www.wilnsdorf-niederdielfen.de\" target=\"_blank\" rel=\"noopener noreferrer\">www.wilnsdorf-niederdielfen.de<\/a>&nbsp;<a href=\"http:\/\/www.niederdielfen.de\" target=\"_blank\" rel=\"noopener noreferrer\">www.niederdielfen.de<\/a><\/td>\n<\/tr>\n<tr class=\"arial_uebers1\">\n<td height=\"21\">Niederdielfen<\/td>\n<td>Private Seite<\/td>\n<td><a href=\"http:\/\/www.niederdielfen.net\" target=\"_blank\" rel=\"noopener noreferrer\">www.niederdielfen.net<\/a><\/td>\n<\/tr>\n<tr class=\"arial_uebers1\">\n<td height=\"21\">Niederdielfen<\/td>\n<td>Private Seite<\/td>\n<td><a href=\"http:\/\/www.dielfen.de\" target=\"_blank\" rel=\"noopener noreferrer\">www.dielfen.de<\/a><\/td>\n<\/tr>\n<tr class=\"arial_uebers1\">\n<td height=\"40\">BV Niederdielfen<\/td>\n<td>B\u00fcrgerverein zur alten Linde<\/td>\n<td><a title=\"B\u00fcrgerverein zur alten Linde\" href=\"http:\/\/www.bv-zur-alten-linde.de\/\" target=\"_blank\" rel=\"noopener noreferrer\">bv-zur-alten-linde.de<\/a><\/td>\n<\/tr>\n<\/tbody>\n<\/table>\n<p>&nbsp;<\/p>\n<div style=\"padding: 3px; width: 156px; height: 96px; background-color: #ffffff; font-family: Arial,Helvetica,sans-serif; font-size: 12px;\">\n<div style=\"font-size: 10px; margin-top: 3px; margin-bottom: 3px;\">Aktuelle Blutspendetermine in<\/div>\n<div style=\"padding: 3px; width: 156px; height: 96px; background-color: #ffffff; font-family: Arial,Helvetica,sans-serif; font-size: 12px;\">\n<p><img decoding=\"async\" title=\"DRK-Blutspendedienst West\" src=\"http:\/\/www.blutspendedienst-west.de\/terminbuttons\/pics\/logo_weiss.gif\" alt=\"DRK-Blutspendedienst West\"><\/p>\n<div style=\"font-size: 10px; margin-top: 3px; margin-bottom: 3px;\">Aktuelle Blutspendetermine in<\/div>\n<p><strong>Siegen, Wilnsdorf<\/strong><\/p>\n<div style=\"float: right; margin-top: 9px; text-align: right;\"><a href=\"http:\/\/www.blutspendedienst-west.de\/blutspender\/blutspendetermine\/termin_abfrage.php3?abgeschickt=1&amp;plz_eingabe=57074|57234&amp;ort_eingabe=\"><img loading=\"lazy\" decoding=\"async\" class=\"alignnone\" src=\"http:\/\/www.blutspendedienst-west.de\/terminbuttons\/pics\/but_weiter.gif\" alt=\"\" width=\"50\" height=\"16\" border=\"0\"><\/a><\/div>\n<\/div>\n<\/div>\n","protected":false},"excerpt":{"rendered":"<p>Diese Seite beinhaltet viele Informationen aus Niederdielfen, der Gemeinde Wilnsdorf, des Kreises Siegerland-Wittgenstein (Siegerland) und des Sauerlands. Desweiteren habe ich einige Links wie Restaurantf\u00fchrer, Kneipen und Discos usw. hinzugef\u00fcgt. In meiner Galerie sind einige Bilder aus Niederdielfen und der Umgebung &hellip; <a href=\"https:\/\/www.jens-oerter.de\/new_vis\/jo\/hobby\/niederdielfen\/\">Weiterlesen <span class=\"meta-nav\">&rarr;<\/span><\/a><\/p>\n","protected":false},"author":2,"featured_media":0,"parent":132,"menu_order":1,"comment_status":"open","ping_status":"open","template":"","meta":{"ngg_post_thumbnail":0,"footnotes":""},"class_list":["post-109","page","type-page","status-publish","hentry"],"aioseo_notices":[],"_links":{"self":[{"href":"https:\/\/www.jens-oerter.de\/new_vis\/jo\/wp-json\/wp\/v2\/pages\/109","targetHints":{"allow":["GET"]}}],"collection":[{"href":"https:\/\/www.jens-oerter.de\/new_vis\/jo\/wp-json\/wp\/v2\/pages"}],"about":[{"href":"https:\/\/www.jens-oerter.de\/new_vis\/jo\/wp-json\/wp\/v2\/types\/page"}],"author":[{"embeddable":true,"href":"https:\/\/www.jens-oerter.de\/new_vis\/jo\/wp-json\/wp\/v2\/users\/2"}],"replies":[{"embeddable":true,"href":"https:\/\/www.jens-oerter.de\/new_vis\/jo\/wp-json\/wp\/v2\/comments?post=109"}],"version-history":[{"count":2,"href":"https:\/\/www.jens-oerter.de\/new_vis\/jo\/wp-json\/wp\/v2\/pages\/109\/revisions"}],"predecessor-version":[{"id":15940,"href":"https:\/\/www.jens-oerter.de\/new_vis\/jo\/wp-json\/wp\/v2\/pages\/109\/revisions\/15940"}],"up":[{"embeddable":true,"href":"https:\/\/www.jens-oerter.de\/new_vis\/jo\/wp-json\/wp\/v2\/pages\/132"}],"wp:attachment":[{"href":"https:\/\/www.jens-oerter.de\/new_vis\/jo\/wp-json\/wp\/v2\/media?parent=109"}],"curies":[{"name":"wp","href":"https:\/\/api.w.org\/{rel}","templated":true}]}}