{"id":156,"date":"2009-03-01T20:39:54","date_gmt":"2009-03-01T19:39:54","guid":{"rendered":"http:\/\/localhost\/new_vis\/jo\/?page_id=156"},"modified":"2015-01-14T21:04:16","modified_gmt":"2015-01-14T20:04:16","slug":"projekte","status":"publish","type":"page","link":"https:\/\/www.jens-oerter.de\/new_vis\/jo\/projekte\/","title":{"rendered":"Bergsport"},"content":{"rendered":"<table class=\"arial_klein1\" style=\"height: 587px;\" border=\"0\" width=\"750\" align=\"center\" bgcolor=\"White\">\n<tbody>\n<tr>\n<td class=\"arial_uebers1\" style=\"background-image: url('\/new_vis\/allg_pics\/hildesheimer_grau.jpg'); background-repeat: no-repeat; background-position: center;\" valign=\"top\" bgcolor=\"White\" width=\"92%\" height=\"725\">\n<table style=\"height: 602px;\" border=\"0\" width=\"623\">\n<tbody>\n<tr class=\"arial_uebers1\">\n<td width=\"9\" height=\"44\"><\/td>\n<td class=\"arial_uebersb1\" valign=\"top\" width=\"92\"><strong>Hiking<\/strong>Hohe Tauern<br \/>\n\u00d6tztal<br \/>\nIrland<br \/>\nSiegerland<br \/>\nSauerland<\/td>\n<td valign=\"top\" width=\"449\">Die <strong>Hohen Tauern<\/strong> sind eine Hochgebirgsregion der <a title=\"\u00d6sterreichische Zentralalpen\" href=\"http:\/\/de.wikipedia.org\/wiki\/%C3%96sterreichische_Zentralalpen\">Zentralalpen<\/a> in <a title=\"\u00d6sterreich\" href=\"http:\/\/de.wikipedia.org\/wiki\/%C3%96sterreich\">\u00d6sterreich<\/a>. Der rund 120 km lange und bis 3.798 m hohe <a title=\"Alpenhauptkamm\" href=\"http:\/\/de.wikipedia.org\/wiki\/Alpenhauptkamm\">Hauptkamm<\/a> stellt die geografische Mitte der <a title=\"Ostalpen\" href=\"http:\/\/de.wikipedia.org\/wiki\/Ostalpen\">Ostalpen<\/a> dar. Hier befinden sich \u2013 neben den <a title=\"\u00d6tztaler Alpen\" href=\"http:\/\/de.wikipedia.org\/wiki\/%C3%96tztaler_Alpen\">\u00d6tztaler Alpen<\/a> \u2013 die h\u00f6chsten Berge \u00d6sterreichs. Die <a class=\"new\" title=\"Hafnergruppe (Seite nicht vorhanden)\" href=\"http:\/\/de.wikipedia.org\/w\/index.php?title=Hafnergruppe&amp;action=edit&amp;redlink=1\">Hafnergruppe<\/a> (ein Teil der Ankogelgruppe) besitzt die \u00f6stlichsten <a title=\"Dreitausender\" href=\"http:\/\/de.wikipedia.org\/wiki\/Dreitausender\">Dreitausender<\/a> der Alpen.Im Zentrum der Region liegt der <a title=\"Nationalpark Hohe Tauern\" href=\"http:\/\/de.wikipedia.org\/wiki\/Nationalpark_Hohe_Tauern\">Nationalpark Hohe Tauern<\/a>, in dem der <a title=\"\u00d6sterreichischer Alpenverein\" href=\"http:\/\/de.wikipedia.org\/wiki\/%C3%96sterreichischer_Alpenverein\">\u00d6sterreichische Alpenverein<\/a> und Grundbesitzer in den drei Bundesl\u00e4ndern Tirol, Salzburg und K\u00e4rnten wichtige Fl\u00e4chenanteile eingebracht haben. Er ist mit 1.836 km\u00b2 der gr\u00f6\u00dfte der sechs \u00f6sterreichischen <a title=\"Nationalpark\" href=\"http:\/\/de.wikipedia.org\/wiki\/Nationalpark\">Nationalparks<\/a> und damit auch der gr\u00f6\u00dfte der Alpen. Das Schutzgebiet gliedert sich in eine Kernzone (Naturzone gem\u00e4\u00df <a class=\"mw-redirect\" title=\"IUCN\" href=\"http:\/\/de.wikipedia.org\/wiki\/IUCN\">IUCN<\/a>) und eine Au\u00dfenzone (Randzone) mit Wald- und <a title=\"Alm (Bergweide)\" href=\"http:\/\/de.wikipedia.org\/wiki\/Alm_%28Bergweide%29\">Almwirtschaft<\/a>.<\/td>\n<td width=\"34\"><\/td>\n<\/tr>\n<tr class=\"arial_uebers1\">\n<td height=\"31\"><\/td>\n<td class=\"arial_uebersb1\" valign=\"top\">Panorama<\/td>\n<td valign=\"top\">Ein <strong>Mountainbike<\/strong> (<strong>MTB<\/strong>) (<a title=\"Englische Sprache\" href=\"http:\/\/de.wikipedia.org\/wiki\/Englische_Sprache\">engl.<\/a> <em>Bergfahrrad<\/em>) oder <strong>Gel\u00e4nde(fahr)rad<\/strong> ist ein <a title=\"Fahrrad\" href=\"http:\/\/de.wikipedia.org\/wiki\/Fahrrad\">Fahrrad<\/a>, das besonders auf den Einsatz abseits befestigter Stra\u00dfen ausgerichtet ist.<\/td>\n<td><\/td>\n<\/tr>\n<tr class=\"arial_uebers1\">\n<td height=\"37\"><\/td>\n<td class=\"arial_uebersb1\" valign=\"top\">Deutscher<br \/>\nAlpenverein<\/td>\n<td valign=\"top\">Der <strong>Deutsche Alpenverein e. V.<\/strong> (<strong>DAV<\/strong>) ist die gr\u00f6\u00dfte <a title=\"Alpiner Verein\" href=\"http:\/\/de.wikipedia.org\/wiki\/Alpiner_Verein\">Bergsteigervereinigung<\/a> der Welt und der achtgr\u00f6\u00dfte Sportverband Deutschlands. In ihm sind 354 rechtlich selbstst\u00e4ndige Sektionen mit insgesamt rund 750.000 Mitgliedern organisiert. Er ist im <a title=\"Deutscher Olympischer Sportbund\" href=\"http:\/\/de.wikipedia.org\/wiki\/Deutscher_Olympischer_Sportbund\">Deutschen Olympischen Sportbund<\/a> der zust\u00e4ndige Fachverband f\u00fcr das Sport- und Wettkampfklettern, das Bergwandern und Bergsteigen, Hochtourengehen, <a title=\"Eisklettern\" href=\"http:\/\/de.wikipedia.org\/wiki\/Eisklettern\">Eisklettern<\/a> und Expeditionsbergsteigen sowie das <a title=\"Skibergsteigen\" href=\"http:\/\/de.wikipedia.org\/wiki\/Skibergsteigen\">Skibergsteigen<\/a>.<\/td>\n<td><\/td>\n<\/tr>\n<tr class=\"arial_uebers1\">\n<td height=\"37\"><\/td>\n<td class=\"arial_uebersb1\" valign=\"top\">DAV<br \/>\nHochtouren<\/td>\n<td valign=\"top\">Eine <strong>Hochtour<\/strong> ist eine Bergtour, die sich in der H\u00f6henzone ganzj\u00e4hriger <a title=\"Eis\" href=\"http:\/\/de.wikipedia.org\/wiki\/Eis\">Eis<\/a>bedeckung bewegt.Eine Hochtour erfordert neben <a title=\"Trittsicherheit\" href=\"http:\/\/de.wikipedia.org\/wiki\/Trittsicherheit\">Trittsicherheit<\/a> und <a title=\"Schwindelfreiheit\" href=\"http:\/\/de.wikipedia.org\/wiki\/Schwindelfreiheit\">Schwindelfreiheit<\/a> und eventuellen <a title=\"Klettern\" href=\"http:\/\/de.wikipedia.org\/wiki\/Klettern\">Kletterf\u00e4higkeiten<\/a>, wie sie auch eine Bergtour in niedrigeren Lagen erfordern kann, auch eine gute k\u00f6rperliche Verfassung sowie H\u00f6hengew\u00f6hnung. Vor allem f\u00fcr Bergtouren in <a title=\"Hochgebirge\" href=\"http:\/\/de.wikipedia.org\/wiki\/Hochgebirge\">Hochgebirgen<\/a> wie dem <a title=\"Himalaya\" href=\"http:\/\/de.wikipedia.org\/wiki\/Himalaya\">Himalaya<\/a>, dem <a title=\"Karakorum (Gebirge)\" href=\"http:\/\/de.wikipedia.org\/wiki\/Karakorum_%28Gebirge%29\">Karakorum<\/a> oder den <a title=\"Anden\" href=\"http:\/\/de.wikipedia.org\/wiki\/Anden\">Anden<\/a>, bei denen H\u00f6hen \u00fcber 6.000 m \u00fcber Meeresh\u00f6he erreicht werden, sind mehrere Tage f\u00fcr die <a title=\"Akklimatisation\" href=\"http:\/\/de.wikipedia.org\/wiki\/Akklimatisation\">Akklimatisation<\/a> einzurechnen. Ansonsten kann es in H\u00f6hen jenseits von 3.000 m zu <a title=\"H\u00f6henkrankheit\" href=\"http:\/\/de.wikipedia.org\/wiki\/H%C3%B6henkrankheit\">H\u00f6henkrankheit<\/a> kommen.<\/p>\n<p>Zudem sind Gipfel \u00fcber 3.000 m meist ganzj\u00e4hrig vereist und oft nur \u00fcber <a title=\"Gletscher\" href=\"http:\/\/de.wikipedia.org\/wiki\/Gletscher\">Gletscher<\/a> zu erreichen. Daher sind neben den zum <a title=\"Bergsteigen\" href=\"http:\/\/de.wikipedia.org\/wiki\/Bergsteigen\">Bergsteigen<\/a> n\u00f6tigen F\u00e4higkeiten im <a title=\"Orientierung\" href=\"http:\/\/de.wikipedia.org\/wiki\/Orientierung\">Orientieren<\/a> zus\u00e4tzlich der Umgang mit <a title=\"Steigeisen\" href=\"http:\/\/de.wikipedia.org\/wiki\/Steigeisen\">Steigeisen<\/a> und <a title=\"Eispickel\" href=\"http:\/\/de.wikipedia.org\/wiki\/Eispickel\">Eispickel<\/a>, Kenntnisse in <a title=\"Klettersicherung\" href=\"http:\/\/de.wikipedia.org\/wiki\/Klettersicherung\">Sicherungs-<\/a> und <a title=\"Bergung\" href=\"http:\/\/de.wikipedia.org\/wiki\/Bergung\">Bergungstechniken<\/a> am Gletscher wegen der Spaltengefahr erforderlich. F\u00fcr Hochtouren im Winter sind au\u00dferdem Kenntnisse in <a title=\"Lawine\" href=\"http:\/\/de.wikipedia.org\/wiki\/Lawine\">Lawinenkunde<\/a> n\u00f6tig.<\/p>\n<p>Mitunter werden auch schnee- und eisfreie Aufstiege auf hohe Berge, z. B. auf hohe Alpen-Dreitausender, als Hochtouren bezeichnet.<\/td>\n<td><\/td>\n<\/tr>\n<\/tbody>\n<\/table>\n<\/td>\n<\/tr>\n<\/tbody>\n<\/table>\n","protected":false},"excerpt":{"rendered":"<p>HikingHohe Tauern \u00d6tztal Irland Siegerland Sauerland Die Hohen Tauern sind eine Hochgebirgsregion der Zentralalpen in \u00d6sterreich. Der rund 120 km lange und bis 3.798 m hohe Hauptkamm stellt die geografische Mitte der Ostalpen dar. Hier befinden sich \u2013 neben den &hellip; <a href=\"https:\/\/www.jens-oerter.de\/new_vis\/jo\/projekte\/\">Weiterlesen <span class=\"meta-nav\">&rarr;<\/span><\/a><\/p>\n","protected":false},"author":2,"featured_media":0,"parent":0,"menu_order":4,"comment_status":"open","ping_status":"open","template":"","meta":{"ngg_post_thumbnail":0,"footnotes":""},"class_list":["post-156","page","type-page","status-publish","hentry"],"aioseo_notices":[],"_links":{"self":[{"href":"https:\/\/www.jens-oerter.de\/new_vis\/jo\/wp-json\/wp\/v2\/pages\/156","targetHints":{"allow":["GET"]}}],"collection":[{"href":"https:\/\/www.jens-oerter.de\/new_vis\/jo\/wp-json\/wp\/v2\/pages"}],"about":[{"href":"https:\/\/www.jens-oerter.de\/new_vis\/jo\/wp-json\/wp\/v2\/types\/page"}],"author":[{"embeddable":true,"href":"https:\/\/www.jens-oerter.de\/new_vis\/jo\/wp-json\/wp\/v2\/users\/2"}],"replies":[{"embeddable":true,"href":"https:\/\/www.jens-oerter.de\/new_vis\/jo\/wp-json\/wp\/v2\/comments?post=156"}],"version-history":[{"count":0,"href":"https:\/\/www.jens-oerter.de\/new_vis\/jo\/wp-json\/wp\/v2\/pages\/156\/revisions"}],"wp:attachment":[{"href":"https:\/\/www.jens-oerter.de\/new_vis\/jo\/wp-json\/wp\/v2\/media?parent=156"}],"curies":[{"name":"wp","href":"https:\/\/api.w.org\/{rel}","templated":true}]}}